{"id":2,"date":"2022-04-14T11:10:51","date_gmt":"2022-04-14T11:10:51","guid":{"rendered":"https:\/\/pcsf.uniroma3.it\/?page_id=2"},"modified":"2023-10-08T14:24:55","modified_gmt":"2023-10-08T14:24:55","slug":"sample-page","status":"publish","type":"page","link":"https:\/\/pcsf.uniroma3.it\/?page_id=2","title":{"rendered":"Eventi"},"content":{"rendered":"\n<p><\/p>\n\n\n\n<p><strong>Partecipazione a progetti di ricerca:<\/strong><br><br>A dicembre 2022 \u00e8 stato firmato un accordo tra il Dipartimento FilCoSpe di Roma Tre, presso il quale ha sede amministrativa il Centro di Ricerca PCSF e l\u2019Universit\u00e0 degli Studi del Molise per la costituzione di un\u2019unit\u00e0 dedicata ai fabbisogni del progetto che vede UNIMOL Soggetto Attuatore dell\u2019intervento \u201c<em>Progetto di Comunicazione della Valorizzazione dei Beni Culturali Molisani. L\u2019applicazione per Mobile MyExperience Molise<\/em>\u201d. Attraverso questo accordo il PCSF si propone di promuovere attivit\u00e0 di ricerca e applicative da realizzare in collaborazione e a supporto delle attivit\u00e0 progettuali dell\u2019intervento \u201c<em>Progetto di Comunicazione della Valorizzazione dei Beni Culturali Molisani. L\u2019applicazione per Mobile MyExperience Molise<\/em>\u201d di cui l\u2019Universit\u00e0 del Molise \u00e8 Soggetto Attuatore. Le attivit\u00e0 riguardano in particolare:<\/p>\n\n\n\n<ul class=\"wp-block-list\">\n<li>approfondimenti di ricerca sul rapporto filosofia pragmatista, comunicazione, sociologia della comunicazione, della disabilit\u00e0 e dei processi culturali;<\/li>\n\n\n\n<li>confronto teorico-pratico sulla comunicazione dei beni culturali in diverse esperienze museali a livello mondiale e studio delle differenze con il modello proposto a partire da MY Experience Molise.corsi di formazione specifici sulla proposta filosofico-sociologico-tecnologica elaborata in MyExperience Molise;<\/li>\n\n\n\n<li>supporto scientifico all\u2019UniMol nell\u2019analisi finalizzata alla individuazione di case editrici adeguate per la pubblicazione di testi relativi alla teoria e alla pratica della valorizzazione dei beni culturali;<\/li>\n\n\n\n<li>supporto alla pubblicazione dei suddetti volumi, soprattutto in vista di pubblicazioni open access;<\/li>\n\n\n\n<li>supporto alla pubblicazione in open access di articoli scientifici legati alla teoria e alla pratica della valorizzazione dei beni culturali;<\/li>\n\n\n\n<li>supporto alle attivit\u00e0 di terza missione dell\u2019UniMol riguardanti la disseminazione e la divulgazione dei risultati delle attivit\u00e0 di ricerca anche mediante co-produzione e co-gestione di eventi, mostre, manifestazioni, installazioni, produzioni cinematografiche, produzioni audio e radiofoniche, spettacoli teatrali legati alla teoria e alla pratica della valorizzazione dei beni culturali.<\/li>\n<\/ul>\n\n\n\n<p><strong>Convegni e attivit\u00e0 seminariali:<\/strong><\/p>\n\n\n\n<ul class=\"wp-block-list\">\n<li>Il 14 e 15 maggio 2018 si \u00e8 tenuto presso l\u2019Universit\u00e0 Roma Tre il Workshop \u201cPragmatismo e<br>Darwinismo\u201d organizzato in collaborazione tra le unit\u00e0 di ricerca di Roma Tre e della Statale<br>di Milano e parte del ciclo \u201cThe seminars on Pragmatism and the Sciences\u201d. Al workshop<br>sono intervenuti: Michela Bella (Universit\u00e0 Roma Tre), Maria Regina Brioschi (Universit\u00e0 di<br>Milano), Gabriele Aleandri (Universit\u00e0 Roma Tre), Andrea Parravicini (Universit\u00e0 di Milano),<br>Matteo Santarelli (Universit\u00e0 del Molise), Alessandro Volpone (Universit\u00e0 di Bari). <a href=\"http:\/\/www.associazionepragma.com\/wp-content\/uploads\/2018\/05\/WORKSHOP-LOCANDINA-CORRETTA.pdf\">Microsoft Word &#8211; WORKSHOP LOCANDINA.docx (associazionepragma.com)<\/a> <\/li>\n\n\n\n<li>Il 17 maggio 2018 si \u00e8 tenuta presso l\u2019Universit\u00e0 di Cagliari una giornata di studi su \u201cDilemmi<br>epistemologici tra Ermeneutica e Pragmatismo\u201d in cui hanno partecipato come relatori Rosa<br>Maria Calcaterra (Universit\u00e0 di Roma Tre) e Vinicio Busacchi (Universit\u00e0 di Cagliari). <a href=\"https:\/\/dottorati.unica.it\/fesc\/files\/2014\/03\/Locandina-giornata-di-studi.pdf\">Locandina-giornata-di-studi.pdf (unica.it)<\/a><\/li>\n\n\n\n<li>Dal 19 al 27 luglio 2018 si \u00e8 tenuta la XX edizione della Scuola estiva internazionale di Acuto<br>P4C \u2013 Pratica filosofica di comunit\u00e0, corso residenziale di formazione professionale. La Scuola<br>\u00e8 stata organizzata in collaborazione con il CRIF (Centro di Ricerca sull\u2019Indagine Filosofica) e<br>il Centro di Ricerca Interuniversitario \u201cPragmatismo, Costruzione dei saperi e Formazione\u201d e<br>ha visto tra i docenti formatori gli afferenti al Centro: Rosa Calcaterra, Maura Striano,<br>Stefano Oliverio, Guido Baggio, Matteo Santarelli e Michela Bella. <a href=\"https:\/\/www.filosofare.org\/crif-p4c\/pratica-filosofica-comunita-scuola-estiva-acuto-2018\/\">Pratica filosofica di comunit\u00e0: Scuola Estiva di Acuto 2018 &#8211; Crif &#8211; P4C (filosofare.org)<\/a><\/li>\n\n\n\n<li>L\u201911 ottobre 2018 presso il Dipartimento di Filosofia dell\u2019Universit\u00e0 di Milano (Sala Paci),<br>Francesco Bellucci (Universit\u00e0 di Bologna) ha tenuto un seminario su \u201cPeirce on<br>Diagrammatic Reasoning.\u201d Il seminario, organizzato da Rossella Fabbrichesi e Andrea<br>Parravicini, fa parte del ciclo \u201cSeminars on Pragmatism and the Sciences\u201d della cattedra di<br>Filosofia Teoretica del Dipartimento di Filosofia dell\u2019Universit\u00e0 di Milano ed \u00e8 organizzato in<br>collaborazione con il Centro Interuniversitario di Ricerca \u201cPragmatismo, Costruzione dei<br>saperi e Formazione\u201d e l\u2019Associazione Pragma. <a href=\"http:\/\/peirce.unimi.it\/wp-content\/uploads\/2020\/12\/2018.10.11_Bellucci.pdf\">Diapositiva 1 (unimi.it)<\/a><\/li>\n\n\n\n<li>Il 17 e 18 ottobre 2018 si \u00e8 tenuto presso il Dipartimento di Filosofia dell\u2019Universit\u00e0 di Milano<br>il convegno internazionale Pragmatism and Evolutionism, per il ciclo \u201cThe seminars on<br>Pragmatism and the Sciences\u201d (di cui faceva parte anche il workshop del 14-15 maggio a<br>Roma Tre). Il convegno \u00e8 stato organizzato da Rossella Fabbrichesi e Andrea Parravicini<br>(afferenti dell\u2019unit\u00e0 di Milano), con il contributo del Dipartimento di Filosofia dell&#8217;Universit\u00e0<br>degli Studi di Milano. Tra i relatori: Chiara Ambrosio (University College London), Guido<br>Baggio (Universit\u00e0 degli Studi Roma Tre), Mats Bergman (University of Helsinki), Carmine Di<br>Martino (Universit\u00e0 degli Studi di Milano), Thierry Hoquet (Universit\u00e9 Lyon 3 Jean Moulin),<br>Trevor Pearce (University of North Carolina at Charlotte). <a href=\"https:\/\/www.dipafilo.unimi.it\/ecm\/home\/tutte-le-notizie\/content\/17-18-ottobre-2018-workshop-pragmatism-and-evolutionism.0000.UNIMIDIRE-68498\">17-18 ottobre 2018: Workshop: Pragmatism and Evolutionism | Dipartimento di Filosofia &#8211; DIPAFILO (unimi.it)<\/a><\/li>\n\n\n\n<li>Il 29 ottobre 2018 si \u00e8 tenuta presso il Centro Studi Americani, una giornata di studi \u201cTake<br>care of freedom and truth will take care of itself. Giornata di studi su Richard Rorty\u201d.<br>L\u2019evento, organizzato in collaborazione con il Dipartimento di Filosofia, Comunicazione e<br>Spettacolo dell\u2019Universit\u00e0 Roma Tre e l\u2019associazione Pragma, ha visto la partecipazione tra i<br>relatori di Carlin Romano (University of Pennsylvania), Christopher J. Voparil (Union Institute<br>&amp; University, Florida), Maura Striano (Universit\u00e0 Federico II), Piergiorgio Donatelli<br>(Universit\u00e0 La Sapienza), Maurizio Ferraris (Universit\u00e0 di Torino) e Giovanni Maddalena<br>(Universit\u00e0 del Molise). Nel pomeriggio si \u00e8 tenuta una tavola rotonda in occasione<br>dell\u2019uscita del libro di Rosa M. Calcaterra, Contingency and Normativity. The Challenges of<br>Richard Rorty (Brill-Rodopi 2018), alla quale hanno partecipato \u00c1ngeles Jim\u00e9nez Perona<br>(Universidad Complutense de Madrid), Sarin Marchetti (Universit\u00e0 La Sapienza), Carlin<br>Romano (University of Pennsylvania), Christopher J. Voparil (Union Institute &amp; University,<br>Florida). <a href=\"http:\/\/www.associazionepragma.com\/wp-content\/uploads\/2018\/09\/LOCANDINA-RORTY-CSA-DEF_18.09.jpg\">LOCANDINA-RORTY-CSA-DEF_18.09.jpg (2338\u00d73308) (associazionepragma.com)<\/a><\/li>\n\n\n\n<li>Il 7 dicembre 2018 si \u00e8 tenuta presso il Dipartimento FILCOSPE dell\u2019Universit\u00e0 Roma Tre una<br>lezione seminariale di John Ryder (Khazar University) su \u201cThe Cognitive Dimension of<br>Experience\u201d. L\u2019iniziativa \u00e8 parte della attivit\u00e0 seminariali del Centro in collaborazione con la<br>cattedra di Filosofia Teoretica di Roma Tre.<\/li>\n\n\n\n<li>Il 19 febbraio 2019 presso il Dipartimento di Filosofia dell\u2019Universit\u00e0 degli Studi di Milano (aula<br>113, piano terra) si \u00e8 tenuta la giornata di studi \u201cNew Wine in Old Barrels. Exaptation<br>Between Biology &amp; Cognitive Science\u201d. L\u2019iniziativa, organizzata in collaborazione con il<br>Centro di Ricerca Interuniversitario \u201cPragmatismo, Costruzione dei Saperi e Formazione\u201d,<br>rientra tra le attivit\u00e0 dei \u201cSeminars on Pragmatism and the Sciences\u201d. <a href=\"https:\/\/www.dipafilo.unimi.it\/ecm\/home\/tutte-le-notizie\/content\/19-febbraio-2019-workshop-exaptation-between-biology-cognitive-science.0000.UNIMIDIRE-72506\">19 febbraio 2019: Workshop: Exaptation between Biology &amp; Cognitive Science | Dipartimento di Filosofia &#8211; DIPAFILO (unimi.it)<\/a><\/li>\n\n\n\n<li>Dal 14 al 16 marzo 2019 presso il Dipartimento di Pedagogia, Psicologia e Filosofia,<br>dell\u2019Universit\u00e0 di Cagliari si \u00e8 tenuto il convegno internazionale \u201cComparing Philosophical<br>Traditions: Selfhood, Historicity and Representation between Hermeneutics and<br>Pragmatism\u201d. Il convegno rientra tra le attivit\u00e0 del Centro di Ricerca Interuniversitario Pragmatismo, Costruzione dei Saperi e Formazione ed \u00e8 stato promosso dalla Foundation of<br>Sardinia \/ The Region Sardinia (National Research Programme on \u2018Science and its Logic: The<br>Representation Dilemma\u2019, FdS\/RAS 2016). Tra i keynote speakers: Hans Joas (Humboldt<br>University of Berlin) e Johann Michel (University of Poitiers \/ EHESS of Paris). L&#8217;evento \u00e8 stato<br>seguito dalla realizzazione del volume: A. M. Nieddu e V. Busacchi (a cura di), Pragmatismo<br>ed Ermeneutica. Soggettivit\u00e0, storicit\u00e0, rappresentazione, Mimesis, Milano-Udine 2019, in<br>cui sono stati raccolti i contributi di: Anna M. Nieddu, Johann Michel, Rosa M. Calcaterra,<br>MArcelino Agis-Villaverde, Rossella Fabbrichesi, Giovanni Maddalena, Carla Canullo,<br>Giancarlo Marchetti, Vinicio Busacchi, Kenneth W. Stikkers, Brendan Hogan, Michela Bella e<br>Matteo Santarelli. <a href=\"https:\/\/web.unica.it\/unica\/page\/it\/vinicio_busacchi_avs_international_conference_comparing_philosophical_traditions_selfhood_historicity_and_representation_between_hermeneutics_and_pragmatism\">unica.it &#8211; Avviso<\/a><\/li>\n\n\n\n<li>Il 30 aprile 2019 presso l\u2019Universit\u00e0 di Milano Matteo Santarelli ha tenuto un seminario su<br>\u201cInterests and Habits. A comparison between Dewey\u2019s and Bourdieu\u2019s theories of action\u201d.<br>L\u2019iniziativa, organizzata in collaborazione con il Centro di Ricerca Interuniversitario<br>\u201cPragmatismo, Costruzione dei Saperi e Formazione\u201d, rientra tra le attivit\u00e0 dei \u201cSeminars on<br>Pragmatism and the Sciences\u201d. <a href=\"https:\/\/eng.dipafilo.unimi.it\/ecm\/home\/archives\/news\/content\/april-30-2019-matteo-santarelli-interests-and-habits-a-comparison-between-dewey%E2%80%99s-and-bourdieu%E2%80%99s-theories-of-action.0000.UNIMIDIRE-75402\">April 30, 2019: Matteo Santarelli: Interests and Habits. A Comparison between Dewey\u2019s and Bourdieu\u2019s Theories of Action | Dipartimento di Filosofia &#8211; DIPAFILO (unimi.it)<\/a><\/li>\n\n\n\n<li>Il 18 giugno 2019 presso l\u2019Universit\u00e0 di Milano Alin Olteanu ha tenuto un seminario su \u201cPost-<br>Peircean Views on Learning: Semiotic Scaffolding\u201d. L\u2019iniziativa, organizzata in collaborazione con il Centro di Ricerca Interuniversitario \u201cPragmatismo, Costruzione dei Saperi e<br>Formazione\u201d, rientra tra le attivit\u00e0 dei \u201cSeminars on Pragmatism and the Sciences\u201d. <a href=\"https:\/\/eng.dipafilo.unimi.it\/ecm\/home\/archives\/news\/content\/june-18-2019-alin-olteanu-post-peircean-views-on-learning-semiotic-scaffolding.0000.UNIMIDIRE-76863\">June 18, 2019: Alin Olteanu: Post-peircean Views on Learning: Semiotic Scaffolding | Dipartimento di Filosofia &#8211; DIPAFILO (unimi.it)<\/a><\/li>\n\n\n\n<li>Il 21 giugno 2019 presso l\u2019Universit\u00e0 del Molise (sede di Termoli) si \u00e8 tenuto un seminario di<br>studi su \u201cLe variet\u00e0 del pragmatismo. Storia, applicazione, comunicazione\u201d. L\u2019evento,<br>organizzata \u00e8 stato organizzato dall\u2019unit\u00e0 molisana del Centro in collaborazione con<br>l\u2019associazione Pragma e l\u2019Universit\u00e0 del Molise. <a href=\"http:\/\/www.associazionepragma.com\/wp-content\/uploads\/2019\/06\/locandina-6.pdf\">locandina (associazionepragma.com)<\/a><\/li>\n\n\n\n<li>Dal 18 al 26 luglio 2019 si \u00e8 tenuta la XXI edizione della Scuola estiva internazionale di Acuto<br>P4C \u2013 Pratica filosofica di comunit\u00e0, corso residenziale di formazione professionale. La Scuola<br>\u00e8 stata organizzata in collaborazione con il CRIF (Centro di Ricerca sull\u2019Indagine Filosofica) e<br>il Centro di Ricerca Interuniversitario \u201cPragmatismo, Costruzione dei saperi e Formazione\u201d e<br>ha visto tra i docenti formatori gli afferenti al Centro: Rosa Calcaterra, Maura Striano,<br>Stefano Oliverio, Guido Baggio, Matteo Santarelli e Michela Bella. <a href=\"https:\/\/www.filosofare.org\/crif-p4c\/scuola-estiva-internazionale-acuto-2019-xxi-edizione\/\">Scuola Estiva Internazionale di Acuto 2019, XXI edizione &#8211; Crif &#8211; P4C (filosofare.org)<\/a><\/li>\n\n\n\n<li>Il 14 febbraio 2020, nell&#8217;ambito dei seminari su \u201cPragmatism and Philosophy of Practices\u201d<br>organizzati in collaborazione con il Centro di Ricerca Interuniversitario \u201cPragmatismo,<br>Costruzione dei Saperi e Formazione\u201d dall\u2019unit\u00e0 di Milano composta da Rossella Fabbrichesi<br>e Andrea Parravicini, Tullio Viola (Universit\u00e4t Erfurt) \u00e8 intervenuto su \u201cThe study of culture<br>after William James\u2019s Principles of Psychology\u201d presso il Dipartimento di Filosofia<br>dell\u2019Universit\u00e0 di Milano. <a href=\"https:\/\/www.dipafilo.unimi.it\/ecm\/home\/tutte-le-notizie\/content\/14-febbraio-2020-tullio-viola-the-study-of-culture-after-william-james%E2%80%99s-principles-of-psychology.0000.UNIMIDIRE-83836\">14 febbraio 2020: Tullio Viola: The study of culture after William James\u2019s Principles of Psychology | Dipartimento di Filosofia &#8211; DIPAFILO (unimi.it)<\/a><\/li>\n\n\n\n<li>Il 24 novembre 2020 presso il Dipartimento FilCoSpe di Roma Tre Andrea Parravicini<br>(Universit\u00e0 di Milano) ha tenuto una relazione dal titolo \u201cAgli albori di una nuova scienza<br>delle emozioni: da Darwin alle origini del pragmatismo\u201d. L\u2019attivit\u00e0 \u00e8 organizzata dalla<br>cattedra di Filosofia teoretica di FilCoSpe in collaborazione con il Centro di Ricerca e<br>l\u2019associazione Pragma. <\/li>\n\n\n\n<li>Il 26 novembre 2020 si \u00e8 tenuto sulla piattaforma Zoom il convegno annuale<br>dell\u2019associazione Pragma \u201cLe vie del pragmatismo: interpretazioni e prospettive\u201d alla cui<br>realizzazione ha collaborato anche il Centro di Ricerca. Tra i relatori: Marta Carav\u00e0<br>(Universit\u00e0 di Bologna), Fausto Caruana (Istituto di Neuroscienze \u2013 CNR), Tullio Viola<br>(Universit\u00e4t Erfurt), Francesco Bellucci (Universit\u00e0 di Bologna), Yvonne H\u00fctter-Almerigi<br>(Marie Sk\u0142odowska-Curie Fellow \u2013 Universit\u00e0 di Bologna e Universit\u00e0 di Oslo), Enrico<br>Monacelli (Universit\u00e0 di Milano). <a href=\"http:\/\/www.associazionepragma.com\/wp-content\/uploads\/2020\/11\/VieDelPragmatismo_LocandinaLINK-attivo.pdf\">VieDelPragmatismo_LocandinaLINK-attivo.pdf (associazionepragma.com)<\/a><\/li>\n\n\n\n<li>Il 2 dicembre 2020 presso il Dipartimento FilCoSpe di Roma Tre Fausto Caruana (Istututo di<br>neuroscienze &#8211; CNR) ha tenuto una relazione dal titolo \u201cRitorno al futuro: traiettorie<br>pragmatiste contemporanee in psicologia, filosofia e neuroscienze\u201d. L\u2019attivit\u00e0 \u00e8 organizzata<br>dalla cattedra di Filosofia teoretica di FilCoSpe in collaborazione con il Centro di Ricerca e<br>l\u2019associazione Pragma. <\/li>\n\n\n\n<li>Il 7 dicembre 2020 presso il Dipartimento FilCoSpe di Roma Tre Marco Viola (Universit\u00e0 di<br>Torino) ha tenuto una relazione dal titolo \u201cQuali emozioni esistono? Il giudizio delle<br>neuroscienze\u201d. L\u2019attivit\u00e0 \u00e8 organizzata dalla cattedra di Filosofia teoretica di FilCoSpe in<br>collaborazione con il Centro di Ricerca e l\u2019associazione Pragma.<\/li>\n\n\n\n<li>Il 9 dicembre 2020 presso il Dipartimento FilCoSpe di Roma Tre Valerio Siracusa<br>(psicoterapeuta) ha tenuto una relazione dal titolo \u201cL\u2019evoluzione sistemica delle emozioni\u201d.<br>L\u2019attivit\u00e0 \u00e8 organizzata dalla cattedra di Filosofia teoretica di FilCoSpe in collaborazione con<br>il Centro di Ricerca e l\u2019associazione Pragma.<\/li>\n\n\n\n<li>Il 14 dicembre 2020 presso il Dipartimento FilCoSpe di Roma Tre Massimo Marraffa<br>(Universit\u00e0 Roma Tre) ha tenuto una relazione dal titolo \u201cL\u2019interiorizzazione delle emozioni<br>primarie\u201d. L\u2019attivit\u00e0 \u00e8 organizzata dalla cattedra di Filosofia teoretica di FilCoSpe in<br>collaborazione con il Centro di Ricerca e l\u2019associazione Pragma.<\/li>\n\n\n\n<li>Il 4 febbraio 2021 John Sthur (Emory University) ha tenuto una relazione su \u201cRadical<br>Empiricism: William James and Gilles Deleuze\u201d. Discussant: Enrico Monacelli (Universit\u00e0 di<br>Milano. L\u2019incontro \u00e8 parte del ciclo di seminari \u201cPhilosophy as a Method of Thinking<br>Practices: Phenomenology, Hermeneutics and Post-Structuralism in the Light of<br>Pragmatism\u201d, organizzato dai membri dell&#8217;unit\u00e0 di Milano Maria Regina Brioschi e Rossella<br>Fabbrichesi, in collaborazione con la scuola dottorale dell\u2019Universit\u00e0 di Milano e il Centro<br>Peirce. <a href=\"https:\/\/eng.dipafilo.unimi.it\/ecm\/home\/archives\/news\/content\/february-4-2021-john-stuhr-radical-empiricism-william-james-and-gilles-deleuze.0000.UNIMIDIRE-89505\">February 4, 2021: John Stuhr: Radical Empiricism: William James and Gilles Deleuze | Dipartimento di Filosofia &#8211; DIPAFILO (unimi.it)<\/a><\/li>\n\n\n\n<li>Il 10 febbraio 2021 James Williams (Deakin University) ha tenuto una relazione su \u201cFantastic<br>pragmatism\u201d. Discussant: Christian Frigerio (Universit\u00e0 di Milano). L\u2019incontro \u00e8 parte del ciclo<br>di seminari \u201cPhilosophy as a Method of Thinking Practices: Phenomenology, Hermeneutics<br>and Post-Structuralism in the Light of Pragmatism\u201d, organizzato dall\u2019unit\u00e0 di Milano del<br>Centro di Ricerca, in collaborazione con la scuola dottorale dell\u2019Universit\u00e0 di Milano e il<br>Centro Peirce. <a href=\"https:\/\/www.youtube.com\/watch?v=Bgo89fvUhG8\">(31) James Williams: Fantastic pragmatism &#8211; YouTube<\/a><\/li>\n\n\n\n<li>Il 3 marzo 2021 Colin Koopman (University of Oregon) ha tenuto una relazione<br>su \u201cAn Analytics of Conduct: Towards Actionistic Pragmatism\u201d. Discussant: Sarin Marchetti<br>(La Sapienza). L\u2019incontro \u00e8 parte del ciclo di seminari \u201cPhilosophy as a Method of Thinking<br>Practices: Phenomenology, Hermeneutics and Post-Structuralism in the Light of<br>Pragmatism\u201d, \u201d, organizzato dai membri dell&#8217;unit\u00e0 di Milano Maria Regina Brioschi e Rossella<br>Fabbrichesi, in collaborazione con la scuola dottorale dell\u2019Universit\u00e0 di Milano e il Centro<br>Peirce. <a href=\"https:\/\/www.youtube.com\/watch?v=2WDtBHNEOiY\">(31) Colin Koopman: An Analytics of Conduct: Towards Actionistic Pragmatism &#8211; YouTube<\/a><\/li>\n\n\n\n<li>Il 24 marzo 2021 Keith Robinson (University of Arkansas at Little Rock) ha tenuto una<br>relazione su \u201cAbstract life: the Practice of Abstraction in Deleuze, Whitehead and Bergson\u201d.<br>Discussant: Silvia Zanelli (University of Bergamo). L\u2019incontro \u00e8 parte del ciclo di seminari  <span style=\"font-size: revert; color: initial; font-family: -apple-system, BlinkMacSystemFont, &quot;Segoe UI&quot;, Roboto, Oxygen-Sans, Ubuntu, Cantarell, &quot;Helvetica Neue&quot;, sans-serif;\">\u201cPhilosophy as a Method of Thinking Practices: Phenomenology, Hermeneutics and <\/span>Post-Structuralism in the Light of Pragmatism&#8221;, organizzato dai membri dell&#8217;unit\u00e0 di Milano Maria Regina Brioschi e Rossella Fabbrichesi, in collaborazione con la scuola dottorale dell&#8217;Universit\u00e0 di Milano e del Centro Peirce. <a href=\"https:\/\/www.youtube.com\/watch?v=1--V1udwgSA\">Keith Robinson: Abstract life. The Practice of Abstraction in Deleuze, Whitehead and Bergson &#8211; YouTube<\/a><\/li>\n\n\n\n<li>L\u20198 aprile 2021 Andr\u00e9 de Tienne (IUPUI) ha tenuto una relazione su \u201cThe Role and Relevance<br>of Phaneroscopy for inquiry\u201d. Discussant: Maria Regina Brioschi (Universit\u00e0 di Milano).<br>L\u2019incontro \u00e8 parte del ciclo di seminari \u201cPhilosophy as a Method of Thinking Practices:<br>Phenomenology, Hermeneutics and Post-Structuralism in the Light of Pragmatism\u201d, organizzato dai membri dell&#8217;unit\u00e0 di Milano Maria Regina Brioschi e Rossella Fabbrichesi, in<br>collaborazione con la scuola dottorale dell\u2019Universit\u00e0 di Milano e il Centro Peirce. <a href=\"https:\/\/www.dipafilo.unimi.it\/ecm\/home\/tutte-le-notizie\/content\/andre-de-tienne-the-role-and-relevance-of-phaneroscopy-for-inquiry.0000.UNIMIDIRE-90701\">Andr\u00e9 De Tienne: The Role and Relevance of Phaneroscopy for inquiry | Dipartimento di Filosofia &#8211; DIPAFILO (unimi.it)<\/a><\/li>\n\n\n\n<li>Il 22 aprile 2021 Mark Okrent (Bates College) ha tenuto una relazione su \u201cMethodological<br>Tensions Between Pragmatism and Phenomenology\u201d. Discussant: Claudia Cristalli (Indiana<br>University Bloomington). L\u2019incontro \u00e8 parte del ciclo di seminari \u201cPhilosophy as a Method of<br>Thinking Practices: Phenomenology, Hermeneutics and Post-Structuralism in the Light of<br>Pragmatism\u201d, organizzato dai membri dell&#8217;unit\u00e0 di Milano Maria Regina Brioschi e Rossella<br>Fabbrichesi, in collaborazione con la scuola dottorale dell\u2019Universit\u00e0 di Milano e il Centro<br>Peirce. <a href=\"https:\/\/www.dipafilo.unimi.it\/ecm\/home\/tutte-le-notizie\/content\/22-aprile-2021-mark-okrent-methodological-tensions-between-pragmatism-and-phenomenology.0000.UNIMIDIRE-91313\">22 aprile 2021: Mark Okrent: Methodological Tensions Between Pragmatism and Phenomenology | Dipartimento di Filosofia &#8211; DIPAFILO (unimi.it)<\/a><\/li>\n\n\n\n<li>22 maggio 2021 Jason Bell (University of New Brunswick) ha tenuto una relazione su \u201cIs<br>Husserl a Pragmatist?\u201d. Discussant: Simone Bernardi della Rosa (Universit\u00e0 di Milano).<br>L\u2019incontro \u00e8 parte del ciclo di seminari \u201cPhilosophy as a Method of Thinking Practices:<br>Phenomenology, Hermeneutics and Post-Structuralism in the Light of Pragmatism\u201d,<br>organizzato dai membri dell&#8217;unit\u00e0 di Milano Maria Regina Brioschi e Rossella Fabbrichesi, in<br>collaborazione con la scuola dottorale dell\u2019Universit\u00e0 di Milano e il Centro Peirce. <a href=\"https:\/\/www.dipafilo.unimi.it\/ecm\/home\/tutte-le-notizie\/content\/jason-bell-is-husserl-a-pragmatist.0000.UNIMIDIRE-91811\">Jason Bell: Is Husserl a pragmatist? | Dipartimento di Filosofia &#8211; DIPAFILO (unimi.it)<\/a><\/li>\n\n\n\n<li>Il 6 Settembre 2021 si \u00e8 tenuto un Webinar internazionale in cui \u00e8 intervenuto Randall Auxier<br>(Director of The American Institute for Philosophical and Cultural Thought &#8211; Southern Illinois<br>University Carbondale) che ha tenuto una conferenza sul tema: \u201cAdjusted Norms: A<br>Deweyan Analysis of Education after the Pandemic of 2020-2021\u201d; <a href=\"http:\/\/www.associazionepragma.com\/wp-content\/uploads\/2021\/09\/Copia-di-Locandina-Evento_REV_300821_def.jpg\">Copia-di-Locandina-Evento_REV_300821_def.jpg (1653\u00d72338) (associazionepragma.com)<\/a><\/li>\n\n\n\n<li>Dal 15 al 18 settembre si \u00e8 tenuto presso l\u2019universit\u00e0 del Molise il Convegno internazionale<br>\u201cGestures. New Meanings for an Old Word\u201d, che ha visto la partecipazione di numerosi<br>studiosi internazionali e sar\u00e0 seguito dalla pubblicazione di un volume con la casa editrice De<br>Gruyter. <a href=\"https:\/\/www.gesture.unimol.it\/\">Gestures \u2013 New Meanings for an old word (unimol.it)<\/a><\/li>\n\n\n\n<li>Il 21 settembre 2021 Randall Auxier ha inoltre inaugurato il nuovo ciclo di incontri seminariali<br>&#8220;Pragmatism and the philosophy of practices&#8221;, promossi dal Centro Studi Peirce<br>dell\u2019Universit\u00e0 di Milano, con il patrocinio del Centro di Ricerca. In quell\u2019occasione, Randall<br>Auxier (Southern Illinois University) ha presentato una relazione dal titolo: \u201cPeirce&#8217;s<br>Personalism: The World Is a Person\u201d.<\/li>\n\n\n\n<li>Il 2 November 2021 Lyat Friedman (Bazalel Academy of Art, Israel) ha tenuto una relazione<br>su \u201cWhat Can We Do With Phychoanalysis? Deleuze and Guattari\u2019s Anti-Oedipus\u201d. L\u2019incontro<br>\u00e8 parte del ciclo di seminari &#8220;Pragmatism and the philosophy of practices&#8221;, organizzato dai<br>membri dell&#8217;unit\u00e0 di Milano Maria Regina Brioschi e Rossella Fabbrichesi, in collaborazione<br>con la scuola dottorale dell\u2019Universit\u00e0 di Milano e il Centro Peirce. <a href=\"https:\/\/eng.dipafilo.unimi.it\/ecm\/home\/archives\/news\/content\/november-2-2021-lyat-friedman-what-can-we-do-with-psychoanalysis-deleuze-and-guattaris-anti-oedipus.0000.UNIMIDIRE-94585\">November 2, 2021: Lyat Friedman: What can we do with psychoanalysis: Deleuze and Guattari&#8217;s Anti-Oedipus | Dipartimento di Filosofia &#8211; DIPAFILO (unimi.it)<\/a><\/li>\n\n\n\n<li>Il 10 novembre 2021 presso il Dipartimento FilCoSpe di Roma Tre Pia Campeggiani<br>(Universit\u00e0 di Bologna) ha tenuto una relazione sul suo volume Introduzione alla filosofia<br>delle emozioni (Clueb 2021). L\u2019attivit\u00e0 \u00e8 organizzata dalla cattedra di Filosofia teoretica di<br>FilCoSpe in collaborazione con il Centro di Ricerca e l\u2019associazione Pragma.<\/li>\n\n\n\n<li>Il 15 novembre 2021 presso il Dipartimento FilCoSpe di Roma Tre Andrea Parravicini<br>(Universit\u00e0 di Milano) ha tenuto una relazione su \u201cC. Darwin, L\u2019espressione delle emozioni<br>nell\u2019uomo e negli animali (1872)\u201d. L\u2019attivit\u00e0 \u00e8 organizzata dalla cattedra di Filosofia teoretica<br>di FilCoSpe in collaborazione con il Centro di Ricerca e l\u2019associazione Pragma.<\/li>\n\n\n\n<li>Il 17 novembre 2021 presso il Dipartimento FilCoSpe di Roma Tre Michela Bella (Universit\u00e0<br>del Molise) ha tenuto una relazione su \u201cL\u2019affettivit\u00e0 nella teoria delle emozioni di William<br>James\u201d. L\u2019attivit\u00e0 \u00e8 organizzata dalla cattedra di Filosofia teoretica di FilCoSpe in<br>collaborazione con il Centro di Ricerca e l\u2019associazione Pragma.<\/li>\n\n\n\n<li>Il 22 novembre 2021 presso il Dipartimento FilCoSpe di Roma Tre Matteo Santarelli<br>(Universit\u00e0 di Bologna) ha tenuto una relazione su \u201cAffettivit\u00e0 ed emozioni: affinit\u00e0 e divergenze tra Freud e il pragmatismo\u201d. L\u2019attivit\u00e0 \u00e8 organizzata dalla cattedra di Filosofia<br>teoretica di FilCoSpe in collaborazione con il Centro di Ricerca e l\u2019associazione Pragma.<\/li>\n\n\n\n<li>Il 24 novembre 2021 presso il Dipartimento FilCoSpe di Roma Tre Marco Viola (Universit\u00e0 di<br>Torino) ha tenuto una relazione su \u201cDalle emozioni di base al Core affect (e oltre?)\u201d. L\u2019attivit\u00e0<br>\u00e8 organizzata dalla cattedra di Filosofia teoretica di FilCoSpe in collaborazione con il Centro<br>di Ricerca e l\u2019associazione Pragma.<\/li>\n\n\n\n<li>Il 29 novembre 2021 presso il Dipartimento FilCoSpe di Roma Tre Valerio Siracusa<br>(psicoterapeuta) ha tenuto una relazione su \u201cL\u2019evoluzione sistemica delle emozioni\u201d.<br>L\u2019attivit\u00e0 \u00e8 organizzata dalla cattedra di Filosofia teoretica di FilCoSpe in collaborazione con<br>il Centro di Ricerca e l\u2019associazione Pragma.<\/li>\n\n\n\n<li>Il 6 dicembre 2021 si \u00e8 tenuto il convegno annuale dell\u2019associazione Pragma dal titolo<br>\u201cPragmatist Landscapes. Signs, Affectivity, and Values\u201c, organizzato in collaborazione con il<br>Centro di Ricerca. <a href=\"http:\/\/www.associazionepragma.com\/wp-content\/uploads\/2021\/11\/PragmatistLandscapes_Locandina.jpg\">PragmatistLandscapes_Locandina.jpg (2048\u00d72560) (associazionepragma.com)<\/a><\/li>\n\n\n\n<li>Il 13 dicembre 2021 presso il Dipartimento FilCoSpe di Roma Tre Chiara Scarlato (Universit\u00e0<br>di Chieti-Pescara) ha tenuto una relazione su \u201cAffettivit\u00e0 e sessualit\u00e0 in David Foster<br>Wallace\u201d. L\u2019attivit\u00e0 \u00e8 organizzata dalla cattedra di Filosofia teoretica di FilCoSpe in<br>collaborazione con il Centro di Ricerca e l\u2019associazione Pragma.<\/li>\n\n\n\n<li>Il 2 maggio 2022 presso il Dipartimento FilCoSpe di Roma Tre Emanuele Rossanese<br>(Universit\u00e0 Roma Tre) ha tenuto una lezione seminariale su \u201cLa definizione di analitico e<br>sintetico nel Circolo di Vienna e in Quine\u201d. L\u2019attivit\u00e0 \u00e8 organizzata dalla cattedra di Filosofia<br>teoretica di FilCoSpe in collaborazione con il Centro di Ricerca e l\u2019associazione Pragma.<\/li>\n\n\n\n<li>Il 9 e il 12 maggio 2022 presso il Dipartimento FilCoSpe di Roma Tre Rocco Monti (Universit\u00e0<br>Roma Tre \u2013 Tor Vergata) ha tenuto due lezioni seminariali su \u201cSemiotica e gesto<br>matematico\u201d. L\u2019attivit\u00e0 \u00e8 organizzata dalla cattedra di Filosofia teoretica di FilCoSpe in<br>collaborazione con il Centro di Ricerca e l\u2019associazione Pragma.<\/li>\n\n\n\n<li>Il 13 maggio 2022 presso il Dipartimento FilCoSpe di Roma Tre Giovanni Maddalena<br>(Universit\u00e0 del Molise) ha tenuto una lezione seminariale su \u201cLa filosofia del gesto\u201d. L\u2019attivit\u00e0<br>\u00e8 organizzata dalla cattedra di Filosofia teoretica di FilCoSpe in collaborazione con il Centro<br>di Ricerca e l\u2019associazione Pragma.<\/li>\n\n\n\n<li>Il 19 maggio 2022 si \u00e8 tenuto presso il Dipartimento di Filosofia, Comunicazione e Spettacolo<br>dell\u2019Universit\u00e0 Roma Tre il convegno internazionale \u201cPragmatiste. Tra teoria e politica\u201d,<br>organizzato con la collaborazione del Centro di Ricerca. Tra i relatori: N\u00faria Sara Miras<br>Boronat (Universitat de Barcelona), Michela Bella (Universit\u00e0 del Molise), Federica Castelli<br>(Universit\u00e0 Roma Tre) e Matteo Santarelli (Universit\u00e0 di Bologna). Il convegno \u00e8 organizzato<br>dal Dipartimento FilCoSpe in collaborazione con il Centro di Ricerca e l\u2019Associazione Pragma. <a href=\"https:\/\/filosofiacomunicazionespettacolo.uniroma3.it\/articoli\/conferenza-pragmatiste-tra-teoria-e-politica-214787\/\">Conferenza &#8220;Pragmatiste. Tra teoria e politica&#8221; &#8211; Dipartimento di Filosofia, Comunicazione e Spettacolo (uniroma3.it)<\/a><\/li>\n\n\n\n<li>Il 26 maggio 2022 si \u00e8 tenuto presso il Dipartimento di Filosofia, Comunicazione e Spettacolo<br>dell\u2019Universit\u00e0 Roma Tre un workshop su \u201cRappresentazione. Tra filosofia, scienze cognitive<br>e psicologia\u201d. Al workshop hanno partecipato: Anna M. Borghi (La Sapienza \u2013 CNR), Massimo<br>Marraffa (Universit\u00e0 Roma Tre), Marta Carav\u00e0 (ricercatrice indipendente), Carmela Morabito<br>(Universit\u00e0 Tor Vergata) e Gabriele Ferretti (Ruhr-University Bochum). Il convegno \u00e8<br>organizzato dal Dipartimento FilCoSpe in collaborazione con il Centro di Ricerca e<br>l\u2019Associazione Pragma. <a href=\"https:\/\/filosofiacomunicazionespettacolo.uniroma3.it\/articoli\/rappresentazione-tra-filosofia-scienze-cognitive-e-psicologia-224913\/\">Rappresentazione tra Filosofia, Scienze Cognitive e Psicologia &#8211; Dipartimento di Filosofia, Comunicazione e Spettacolo (uniroma3.it)<\/a><\/li>\n\n\n\n<li>Il 6 giugno 2022 si \u00e8 tenuto presso il Dipartimento di Filosofia, Comunicazione e Spettacolo<br>dell\u2019Universit\u00e0 Roma Tre la presentazione del libro di William James, Alcuni problemi di<br>filosofia, tradotto in italiano da Pietro Gori (Mimesis 2021). Alla discussione con il traduttore<br>hanno partecipato Michela Bella (Universit\u00e0 del Molise), Sarin Marchetti (La Sapienza) e<br>Marco Tedeschini (Universit\u00e0 Tor Vergata). Il convegno \u00e8 organizzato dal Dipartimento<br>FilCoSpe in collaborazione con il Centro di Ricerca e l\u2019Associazione Pragma.<\/li>\n\n\n\n<li>Il 18 novembre 2022 si terr\u00e0 in modalit\u00e0 mista presso il Dipartimento di Filosofia, Comunicazione e Spettacolo dell\u2019Universit\u00e0 Roma Tre e sulla piattaforma Microsoft Teams il convegno annuale dell\u2019associazione Pragma alla cui organizzazione collabora il Centro di Ricerca insieme al Dipartimento FilCoSpe. <a href=\"http:\/\/www.associazionepragma.com\/wp-content\/uploads\/2022\/11\/Flyer-nuovo_page-0001.jpg\">Flyer-nuovo_page-0001.jpg (1242\u00d71755) (associazionepragma.com)<\/a><\/li>\n<\/ul>\n","protected":false},"excerpt":{"rendered":"<p>Partecipazione a progetti di ricerca: A dicembre 2022 \u00e8 stato firmato un accordo tra il Dipartimento FilCoSpe di Roma Tre, presso il quale ha sede &#8230; <\/p>\n","protected":false},"author":1,"featured_media":0,"parent":0,"menu_order":0,"comment_status":"closed","ping_status":"closed","template":"","meta":{"footnotes":""},"class_list":["post-2","page","type-page","status-publish","hentry"],"_links":{"self":[{"href":"https:\/\/pcsf.uniroma3.it\/index.php?rest_route=\/wp\/v2\/pages\/2","targetHints":{"allow":["GET"]}}],"collection":[{"href":"https:\/\/pcsf.uniroma3.it\/index.php?rest_route=\/wp\/v2\/pages"}],"about":[{"href":"https:\/\/pcsf.uniroma3.it\/index.php?rest_route=\/wp\/v2\/types\/page"}],"author":[{"embeddable":true,"href":"https:\/\/pcsf.uniroma3.it\/index.php?rest_route=\/wp\/v2\/users\/1"}],"replies":[{"embeddable":true,"href":"https:\/\/pcsf.uniroma3.it\/index.php?rest_route=%2Fwp%2Fv2%2Fcomments&post=2"}],"version-history":[{"count":7,"href":"https:\/\/pcsf.uniroma3.it\/index.php?rest_route=\/wp\/v2\/pages\/2\/revisions"}],"predecessor-version":[{"id":506,"href":"https:\/\/pcsf.uniroma3.it\/index.php?rest_route=\/wp\/v2\/pages\/2\/revisions\/506"}],"wp:attachment":[{"href":"https:\/\/pcsf.uniroma3.it\/index.php?rest_route=%2Fwp%2Fv2%2Fmedia&parent=2"}],"curies":[{"name":"wp","href":"https:\/\/api.w.org\/{rel}","templated":true}]}}